{"id":940,"date":"2021-09-08T10:42:12","date_gmt":"2021-09-08T09:42:12","guid":{"rendered":"http:\/\/eszakmagyartegla.hu\/?page_id=940"},"modified":"2025-07-17T13:54:21","modified_gmt":"2025-07-17T12:54:21","slug":"palyazatok","status":"publish","type":"page","link":"http:\/\/eszakmagyartegla.hu\/en\/palyazatok\/","title":{"rendered":"P\u00e1ly\u00e1zatok"},"content":{"rendered":"\n<figure class=\"wp-block-image size-full is-resized\"><img loading=\"lazy\" decoding=\"async\" width=\"3308\" height=\"2339\" src=\"http:\/\/eszakmagyartegla.hu\/wp-content\/uploads\/2025\/05\/2025-01-21_13-34-52_a3_fekvo_vagojel_nelkuli-1.png\" alt=\"\" class=\"wp-image-1101\" style=\"width:887px;height:auto\" srcset=\"http:\/\/eszakmagyartegla.hu\/wp-content\/uploads\/2025\/05\/2025-01-21_13-34-52_a3_fekvo_vagojel_nelkuli-1.png 3308w, http:\/\/eszakmagyartegla.hu\/wp-content\/uploads\/2025\/05\/2025-01-21_13-34-52_a3_fekvo_vagojel_nelkuli-1-300x212.png 300w, http:\/\/eszakmagyartegla.hu\/wp-content\/uploads\/2025\/05\/2025-01-21_13-34-52_a3_fekvo_vagojel_nelkuli-1-1024x724.png 1024w, http:\/\/eszakmagyartegla.hu\/wp-content\/uploads\/2025\/05\/2025-01-21_13-34-52_a3_fekvo_vagojel_nelkuli-1-768x543.png 768w, http:\/\/eszakmagyartegla.hu\/wp-content\/uploads\/2025\/05\/2025-01-21_13-34-52_a3_fekvo_vagojel_nelkuli-1-1536x1086.png 1536w, http:\/\/eszakmagyartegla.hu\/wp-content\/uploads\/2025\/05\/2025-01-21_13-34-52_a3_fekvo_vagojel_nelkuli-1-2048x1448.png 2048w\" sizes=\"auto, (max-width: 3308px) 100vw, 3308px\" \/><\/figure>\n\n\n\n<h6 class=\"wp-block-heading\"><strong>P\u00e1ly\u00e1zati le\u00edr\u00e1s:<\/strong><\/h6>\n\n\n\n<ul class=\"wp-block-list\">\n<li>Projekt neve: <strong>KKV Technol\u00f3gia Plusz Hitelprogram Hazai KKV-k technol\u00f3giai \u00e9s szervezeti meg\u00faj\u00edt\u00e1sa t\u00e1mogat\u00e1ssal<\/strong><\/li>\n\n\n\n<li>Projekt azonos\u00edt\u00f3 sz\u00e1ma: <strong>GINOP Plusz-1.4.3-24<\/strong><\/li>\n\n\n\n<li>Kedvezm\u00e9nyezett neve: <strong>\u00c9szakmagyar T\u00e9glaipari Kft.<\/strong><\/li>\n\n\n\n<li>Szerz\u0151d\u00f6tt t\u00e1mogat\u00e1s \u00f6sszege: <strong>29 516 659 Ft<\/strong><\/li>\n\n\n\n<li>A projekt t\u00e1mogat\u00e1s m\u00e9rt\u00e9ke: <strong>23,60 <strong>%<\/strong><\/strong><\/li>\n\n\n\n<li>Projekt t\u00e9nyleges befejez\u00e9si d\u00e1tuma: <strong>2025.02.12.<\/strong><\/li>\n<\/ul>\n\n\n\n<h6 class=\"wp-block-heading\"><strong>Projekt tartalm\u00e1nak r\u00e9szletes bemutat\u00e1sa:<\/strong><\/h6>\n\n\n\n<p>A ser\u00e9nyfalvai telephely\u00fcnk\u00f6n a Takeuchi MFG.CO.LTD forg\u00f3kotr\u00f3 megv\u00e1s\u00e1rl\u00e1s\u00e1val az agyag el\u0151k\u00e9sz\u00edt\u00e9s\u00e9n\u00e9l \u00e9s rakod\u00e1s\u00e1n\u00e1l, illetve a dep\u00f3 kialak\u00edt\u00e1s\u00e1ban tudunk hat\u00e9konyabbak lenni. K\u00f6lts\u00e9gmegtakar\u00edt\u00e1st tudunk el\u00e9rni, v\u00edzelvezet\u0151 \u00e1rok kialak\u00edt\u00e1sa \u00e9s tiszt\u00edt\u00e1sa \u00e9s a r\u00e9gi gy\u00e1runk bont\u00e1s\u00e1nak munk\u00e1lataihoz is elengedhetetlen\u00fcl sz\u00fcks\u00e9ges.<\/p>\n\n\n\n<p>Kedvezm\u00e9nyezett neve, el\u00e9rhet\u0151s\u00e9ge: \u00c9szakmagyar T\u00e9glaipari Korl\u00e1tolt Felel\u0151ss\u00e9g\u0171 T\u00e1rsas\u00e1g, 3729 Ser\u00e9nyfalva, T\u00e9glagy\u00e1r telep 1.,&nbsp;<a href=\"http:\/\/eszakmagyartegla.hu\/\">www.eszakmagyartegla.hu<\/a><\/p>\n\n\n\n<p>KSZ neve, el\u00e9rhet\u0151s\u00e9ge: P\u00e9nz\u00fcgyminiszt\u00e9rium, Gazdas\u00e1gfejleszt\u00e9si Programok V\u00e9grehajt\u00e1s\u00e1\u00e9rt Felel\u0151s Helyettes \u00c1llamtitk\u00e1rs\u00e1g. 1539 Budapest, Postafi\u00f3k 684.,&nbsp;<a href=\"mailto:gazdasagfejlesztes@pm.gov.hu\">gazdasagfejlesztes@pm.gov.hu<\/a><\/p>\n\n\n\n<figure class=\"wp-block-image size-full is-resized\"><img loading=\"lazy\" decoding=\"async\" width=\"773\" height=\"547\" src=\"http:\/\/eszakmagyartegla.hu\/wp-content\/uploads\/2022\/09\/Palyazat-cime-2022-09-20-1.png\" alt=\"\" class=\"wp-image-1000\" style=\"width:887px;height:auto\" srcset=\"http:\/\/eszakmagyartegla.hu\/wp-content\/uploads\/2022\/09\/Palyazat-cime-2022-09-20-1.png 773w, http:\/\/eszakmagyartegla.hu\/wp-content\/uploads\/2022\/09\/Palyazat-cime-2022-09-20-1-300x212.png 300w, http:\/\/eszakmagyartegla.hu\/wp-content\/uploads\/2022\/09\/Palyazat-cime-2022-09-20-1-768x543.png 768w\" sizes=\"auto, (max-width: 773px) 100vw, 773px\" \/><\/figure>\n\n\n<h6><strong>P\u00e1ly\u00e1zati le\u00edr\u00e1s:<\/strong><\/h6>\n<h6>\u00a0<\/h6>\n<ul>\n<li>Projekt neve: <strong>Komplex energetikai fejleszt\u00e9s az \u00c9szakmagyar T\u00e9glaipari Kft. ser\u00e9nyfalvai telephely\u00e9n<\/strong><\/li>\n<li>Projekt azonos\u00edt\u00f3 sz\u00e1ma: <strong>GINOP-4.1.4-19-2021-03727<\/strong><\/li>\n<li>Kedvezm\u00e9nyezett neve: <strong>\u00c9szakmagyar T\u00e9glaipari Kft.<\/strong><\/li>\n<li>Szerz\u0151d\u00f6tt t\u00e1mogat\u00e1s \u00f6sszege: <strong>76\u00a0978\u00a0495 Ft<\/strong><\/li>\n<li>A projekt t\u00e1mogat\u00e1s m\u00e9rt\u00e9ke: <strong>55%<\/strong><\/li>\n<li>Projekt t\u00e9nyleges befejez\u00e9si d\u00e1tuma: <strong>2022.07.26.<\/strong><\/li>\n<\/ul>\n<h6><strong>Projekt tartalm\u00e1nak r\u00e9szletes bemutat\u00e1sa:<\/strong><\/h6>\n<p>A ser\u00e9nyfalvai telephely\u00fcnk\u00f6n meg\u00fajul\u00f3 energiafelhaszn\u00e1l\u00e1s n\u00f6vel\u00e9s\u00e9t c\u00e9lz\u00f3 tev\u00e9kenys\u00e9get val\u00f3s\u00edtottunk meg, mely h\u00e1rom ter\u00fcletet \u00e9rint. A napelemes rendszer telep\u00edt\u00e9se a telephelyen felhaszn\u00e1lt villamosenergia jelent\u0151s r\u00e9sz\u00e9t \u00e1ll\u00edtja el\u0151. A napkollektorok telep\u00edt\u00e9se az iroda\u00e9p\u00fclet haszn\u00e1lati melegv\u00edz ell\u00e1t\u00e1s\u00e1ra seg\u00edt r\u00e1 nagym\u00e9rt\u00e9kben, m\u00edg a faapr\u00edt\u00e9k kaz\u00e1n az \u00fczemcsarnok, ezen bel\u00fcl a sz\u00e1r\u00edt\u00f3helyis\u00e9g f\u0171t\u00e9s\u00e9re seg\u00edt r\u00e1 50 sz\u00e1zal\u00e9kban. A Fejleszt\u00e9s c\u00e9lja az volt, hogy a t\u00e1rsas\u00e1g a t\u00e9glagy\u00e1rt\u00f3i tev\u00e9kenys\u00e9ge sor\u00e1n felhaszn\u00e1l\u00e1sra ker\u00fcl\u0151 k\u00fcl\u00f6nb\u00f6z\u0151 energiahordoz\u00f3k min\u00e9l nagyobb r\u00e9sz\u00e9t v\u00e1ltsa ki meg\u00fajul\u00f3 energi\u00e1val.<\/p>\n<p>Kedvezm\u00e9nyezett neve, el\u00e9rhet\u0151s\u00e9ge: \u00c9szakmagyar T\u00e9glaipari Korl\u00e1tolt Felel\u0151ss\u00e9g\u0171 T\u00e1rsas\u00e1g, 3729 Ser\u00e9nyfalva, T\u00e9glagy\u00e1r telep 1.,\u00a0<u><a href=\"http:\/\/eszakmagyartegla.hu\/\">www.eszakmagyartegla.hu<\/a><\/u><\/p>\n<p>KSZ neve, el\u00e9rhet\u0151s\u00e9ge: P\u00e9nz\u00fcgyminiszt\u00e9rium, Gazdas\u00e1gfejleszt\u00e9si Programok V\u00e9grehajt\u00e1s\u00e1\u00e9rt Felel\u0151s Helyettes \u00c1llamtitk\u00e1rs\u00e1g. 1539 Budapest, Postafi\u00f3k 684.,\u00a0<u><a href=\"mailto:gazdasagfejlesztes@pm.gov.hu\">gazdasagfejlesztes@pm.gov.hu<\/a><\/u><\/p>\n<\/p>\n\n\n<figure class=\"wp-block-image size-full is-resized\"><img loading=\"lazy\" decoding=\"async\" width=\"566\" height=\"403\" src=\"http:\/\/eszakmagyartegla.hu\/wp-content\/uploads\/2022\/01\/Palyazat-cime-2022-01-27.png\" alt=\"\" class=\"wp-image-970\" style=\"width:887px;height:auto\" srcset=\"http:\/\/eszakmagyartegla.hu\/wp-content\/uploads\/2022\/01\/Palyazat-cime-2022-01-27.png 566w, http:\/\/eszakmagyartegla.hu\/wp-content\/uploads\/2022\/01\/Palyazat-cime-2022-01-27-300x214.png 300w\" sizes=\"auto, (max-width: 566px) 100vw, 566px\" \/><\/figure>\n\n\n<h6><strong>P\u00e1ly\u00e1zati le\u00edr\u00e1s:<\/strong><\/h6>\n<h6>&nbsp;<\/h6>\n<ul>\n<li>Fejleszt\u00e9s t\u00e1rgya, c\u00e9lja:&nbsp;<strong>\u00c9szakmagyar T\u00e9glaipari Kft. modern \u00fczleti \u00e9s termel\u00e9si <\/strong><strong>kih\u00edv\u00e1sokhoz val\u00f3 alkalmazkod\u00e1s\u00e1t seg\u00edt\u0151 fejleszt\u00e9sek t\u00e1mogat\u00e1sa<\/strong><\/li>\n<li>Projekt azonos\u00edt\u00f3 sz\u00e1ma: <strong>GINOP_PLUSZ-1.2.1-21-2021-00345<\/strong><\/li>\n<li>Kedvezm\u00e9nyezett neve: <strong>\u00c9szakmagyar T\u00e9glaipari Kft.<\/strong><\/li>\n<li>Szerz\u0151d\u00f6tt t\u00e1mogat\u00e1s \u00f6sszege: <strong>209 019 849 Ft<\/strong><\/li>\n<li>Projekt t\u00e9nyleges befejez\u00e9si d\u00e1tuma: <strong>2023.08.31.<\/strong><\/li>\n<\/ul>\n<h6><strong>Projekt tartalm\u00e1nak r\u00e9szletes bemutat\u00e1sa:<\/strong><\/h6>\n<p>GINOP_PLUSZ-1.2.1-21-2021-00345 azonos\u00edt\u00f3sz\u00e1m\u00fa p\u00e1ly\u00e1zat fejleszt\u00e9se kifejezetten kapacit\u00e1s-, \u00e9s termel\u00e9kenys\u00e9g n\u00f6vel\u0151 technol\u00f3gia fejleszt\u00e9s, ami a Ser\u00e9nyfalv\u00e1n m\u0171k\u00f6d\u0151 t\u00e9glagy\u00e1r TEAOR 2332 \u00c9getett agyag \u00e9p\u00edt\u0151anyag gy\u00e1rt\u00e1sa f\u0151tev\u00e9kenys\u00e9gre f\u00f3kusz\u00e1l.<\/p>\n<ul>\n<li>Beszerz\u00e9sre ker\u00fcl egy \u00faj t\u00f6r\u0151g\u00e9p, valamint egy \u00faj hengerp\u00e1r, melyeknek k\u00f6sz\u00f6nhet\u0151en javul az alapanyag plaszticit\u00e1sa, \u00edgy k\u00f6nnyebb\u00e9 v\u00e1lik a tov\u00e1bbi feldolgoz\u00e1s, n\u0151 a gy\u00e1rt\u00e1si kapacit\u00e1s, tov\u00e1bb jav\u00edtva ez\u00e1ltal a legy\u00e1rtott t\u00e9gl\u00e1k min\u0151s\u00e9g\u00e9t.<\/li>\n<li>A sz\u00e1raz-, \u00e9s a nedves oldali automata rakod\u00f3 g\u00e9psor vez\u00e9rl\u00e9s\u00e9t is fejlesztik egy \u00faj t\u00edpus\u00fa PLC automata vez\u00e9rl\u00e9s beszerz\u00e9s\u00e9vel, ami korszer\u0171bb, \u00fczembiztosabb \u00e9s gyorsabban kapcsol, mint a r\u00e9gi rel\u00e9s megold\u00e1s. Ez\u00e1ltal mindk\u00e9t oldalon a rakod\u00e1si tev\u00e9kenys\u00e9g gyors\u00edthat\u00f3, illetve az \u00e1t\u00e1ll\u00e1si id\u0151 egyik term\u00e9k gy\u00e1rt\u00e1s\u00e1r\u00f3l a m\u00e1sikra jelent\u0151sen r\u00f6vid\u00edthet\u0151.<\/li>\n<li>Tov\u00e1bb\u00e1 frekvenciav\u00e1lt\u00f3k is beszerz\u00e9sre ker\u00fclnek, valamint egy \u00faj automata csomagol\u00f3 \u00e9s f\u00f3li\u00e1z\u00f3 rendszer robotokkal. Az \u00faj technol\u00f3gia jelent\u0151sen n\u00f6veli a k\u00e9sz\u00e1ru kiad\u00e1s hat\u00e9konys\u00e1g\u00e1t \u00e9s min\u0151s\u00e9g\u00e9t.<\/li>\n<li>Meg\u00e9p\u00edt\u00e9sre ker\u00fcl egy t\u00e9gla csomagol\u00f3- \u00e9s rakt\u00e1rcsarnok, amely megv\u00e9di a g\u00e9psort az id\u0151j\u00e1r\u00e1s viszontags\u00e1gait\u00f3l \u00e9s megfelel\u0151 munkak\u00f6rnyezetet is biztos\u00edt.<\/li>\n<li>A gy\u00e1rt\u00e1si vonal korszer\u0171s\u00edt\u00e9se mellett beszerz\u00e9sre ker\u00fcl n\u00e9gy darab laptop, valamint egy darab asztali sz\u00e1m\u00edt\u00f3g\u00e9p. Az informatikai eszk\u00f6z\u00f6k az adminisztr\u00e1ci\u00f3s \u00e9s aj\u00e1nlatad\u00f3i munk\u00e1t fogj\u00e1k seg\u00edteni, hozz\u00e1j\u00e1rulva a bels\u0151 c\u00e9ges kommunik\u00e1ci\u00f3 hat\u00e9konyabb\u00e1 t\u00e9tel\u00e9hez.<\/li>\n<li>A projekt r\u00e9sze m\u00e9g a jelenlegi szennyv\u00edzkezel\u0151 technol\u00f3gia cser\u00e9je, amely hossz\u00fa t\u00e1von biztos\u00edtja az \u00fczem k\u00f6rnyezethat\u00e9kony m\u0171k\u00f6d\u00e9s\u00e9t.<\/li>\n<li>A gy\u00e1rt\u00e1si folyamat fejleszt\u00e9s\u00e9hez beszerz\u00e9sre ker\u00fcl tov\u00e1bb\u00e1 egy t\u00e9glav\u00e1g\u00f3 g\u00e9p, ami burkol\u00f3anyag gy\u00e1rt\u00e1s\u00e1hoz sz\u00fcks\u00e9ges.<\/li>\n<li>A g\u00e9pbeszerz\u00e9s utols\u00f3 eleme egy teleszk\u00f3pos rakod\u00f3, ami bels\u0151 anyagmozgat\u00e1shoz, bels\u0151 karbantart\u00e1shoz sz\u00fcks\u00e9ges.<\/li>\n<\/ul>\n<p>A beruh\u00e1z\u00e1s k\u00f6lts\u00e9gvet\u00e9se re\u00e1lis \u00e9s takar\u00e9kos m\u00f3don lett \u00f6ssze\u00e1ll\u00edtva. A fejleszt\u00e9sek hozz\u00e1j\u00e1rulnak a c\u00e9g eredm\u00e9nyes fejl\u0151d\u00e9s\u00e9hez \u00e9s a piaci ig\u00e9nyek kiel\u00e9g\u00edt\u00e9s\u00e9hez.<\/p>\n<\/p>\n\n\n<figure class=\"wp-block-image size-large is-resized\"><img loading=\"lazy\" decoding=\"async\" width=\"1024\" height=\"723\" src=\"http:\/\/eszakmagyartegla.hu\/wp-content\/uploads\/2021\/09\/Palyazat-cime-nagy-1024x723.png\" alt=\"\" class=\"wp-image-946\" style=\"width:887px;height:auto\" srcset=\"http:\/\/eszakmagyartegla.hu\/wp-content\/uploads\/2021\/09\/Palyazat-cime-nagy-1024x723.png 1024w, http:\/\/eszakmagyartegla.hu\/wp-content\/uploads\/2021\/09\/Palyazat-cime-nagy-300x212.png 300w, http:\/\/eszakmagyartegla.hu\/wp-content\/uploads\/2021\/09\/Palyazat-cime-nagy-768x542.png 768w, http:\/\/eszakmagyartegla.hu\/wp-content\/uploads\/2021\/09\/Palyazat-cime-nagy.png 1126w\" sizes=\"auto, (max-width: 1024px) 100vw, 1024px\" \/><\/figure>\n\n\n<h6><strong>P\u00e1ly\u00e1zati le\u00edr\u00e1s:<\/strong><\/h6>\n<h6>&nbsp;<\/h6>\n<ul>\n<li>Projekt c\u00edme: <strong>Az \u00c9szakmagyar T\u00e9glaipari Kft. modern termel\u00e9si kih\u00edv\u00e1sokhoz t\u00f6rt\u00e9n\u0151 fejleszt\u00e9seinek megval\u00f3s\u00edt\u00e1sa<\/strong><\/li>\n<li>Projekt azonos\u00edt\u00f3 sz\u00e1ma: <strong>GINOP-1.2.8-20-2020-00100<\/strong><\/li>\n<li>Kedvezm\u00e9nyezett neve: <strong>\u00c9szakmagyar T\u00e9glaipari Kft.<\/strong><\/li>\n<li>Szerz\u0151d\u00f6tt t\u00e1mogat\u00e1s \u00f6sszege: <strong>46&nbsp;500&nbsp;000 Ft<\/strong><\/li>\n<li>T\u00e1mogat\u00e1s m\u00e9rt\u00e9ke (%-ban): <strong>67,165764%<\/strong><\/li>\n<li>Projekt t\u00e9nyleges befejez\u00e9si d\u00e1tuma: <strong>2021.03.12.<\/strong><\/li>\n<\/ul>\n<h6><strong>Projekt tartalm\u00e1nak bemutat\u00e1sa:<\/strong><\/h6>\n<h6><span style=\"font-size: 15px; font-weight: 300; white-space: pre-wrap;\">Az&nbsp;<\/span><a style=\"font-size: 15px; font-weight: 300; white-space: pre-wrap;\">\u00c9szakmagyar T\u00e9glaipari Kft<\/a><span style=\"font-size: 15px; font-weight: 300; white-space: pre-wrap;\">, fejleszt\u00e9se kifejezetten termel\u00e9kenys\u00e9g n\u00f6vel\u0151 technol\u00f3gia fejleszt\u00e9s, mely sor\u00e1n a Ser\u00e9nyfalv\u00e1n m\u0171k\u00f6d\u0151 t\u00e9glagy\u00e1r m\u0171k\u00f6d\u00e9s\u00e9t teszik hat\u00e9konyabb\u00e1. A beruh\u00e1z\u00e1s keret\u00e9ben a k\u00f6vetkez\u0151 g\u00e9ppark ker\u00fclt beszerz\u00e9sre: egy homlokrakod\u00f3, mely az agyag alapanyag \u00e9s \u00f6sszetev\u0151i kever\u00e9s\u00e9t, illetve anyagmozgat\u00e1s\u00e1t v\u00e9gzi a telephelyen bel\u00fcl. Egy \u00faj sz\u00e1jny\u00edl\u00e1s beszerz\u00e9se, mely a ker\u00e1mia term\u00e9k keresztmetszeti kialak\u00edt\u00e1s\u00e1t v\u00e9gzi. A nyers t\u00e9gla term\u00e9kek ezt k\u00f6vet\u0151en a sz\u00e1r\u00edt\u00f3ba ker\u00fclnek, ahol a projekt keret\u00e9ben megv\u00e1s\u00e1rolt 2 db \u00faj cs\u0151ventil\u00e1tor be\u00fczemel\u00e9s\u00e9vel val\u00f3sult meg a termel\u00e9kenys\u00e9g n\u00f6vel\u00e9se. A term\u00e9kek \u00edgy kevesebb id\u0151t t\u00f6lthetnek a sz\u00e1r\u00edt\u00f3ban, cs\u00f6kken a gy\u00e1rt\u00e1si id\u0151. A k\u00e9szterm\u00e9kek bels\u0151 anyagmozgat\u00e1s\u00e1hoz sz\u00fcks\u00e9ges volt egy \u00faj targonca beszerz\u00e9se is. A beszerz\u00e9sre ker\u00fclt h\u00eddm\u00e9rleg seg\u00edts\u00e9g\u00e9vel biztos\u00edthatjuk a sz\u00e1ll\u00edt\u00f3eszk\u00f6z\u00f6k maxim\u00e1lis kihaszn\u00e1lts\u00e1g\u00e1t.<\/span><\/h6>\n\n\n<p>Az&nbsp;<a>\u00c9szakmagyar T\u00e9glaipari Kft<\/a>, fejleszt\u00e9se kifejezetten termel\u00e9kenys\u00e9g n\u00f6vel\u0151 technol\u00f3gia fejleszt\u00e9s, mely sor\u00e1n a Ser\u00e9nyfalv\u00e1n m\u0171k\u00f6d\u0151 t\u00e9glagy\u00e1r m\u0171k\u00f6d\u00e9s\u00e9t teszik hat\u00e9konyabb\u00e1. A beruh\u00e1z\u00e1s keret\u00e9ben a k\u00f6vetkez\u0151 g\u00e9ppark ker\u00fclt beszerz\u00e9sre: egy homlokrakod\u00f3, mely az agyag alapanyag \u00e9s \u00f6sszetev\u0151i kever\u00e9s\u00e9t, illetve anyagmozgat\u00e1s\u00e1t v\u00e9gzi a telephelyen bel\u00fcl. Egy \u00faj sz\u00e1jny\u00edl\u00e1s beszerz\u00e9se, mely a ker\u00e1mia term\u00e9k keresztmetszeti kialak\u00edt\u00e1s\u00e1t v\u00e9gzi. A nyers t\u00e9gla term\u00e9kek ezt k\u00f6vet\u0151en a sz\u00e1r\u00edt\u00f3ba ker\u00fclnek, ahol a projekt keret\u00e9ben megv\u00e1s\u00e1rolt 2 db \u00faj cs\u0151ventil\u00e1tor be\u00fczemel\u00e9s\u00e9vel val\u00f3sult meg a termel\u00e9kenys\u00e9g n\u00f6vel\u00e9se. A term\u00e9kek \u00edgy kevesebb id\u0151t t\u00f6lthetnek a sz\u00e1r\u00edt\u00f3ban, cs\u00f6kken a gy\u00e1rt\u00e1si id\u0151. A k\u00e9szterm\u00e9kek bels\u0151 anyagmozgat\u00e1s\u00e1hoz sz\u00fcks\u00e9ges volt egy \u00faj targonca beszerz\u00e9se is. A beszerz\u00e9sre ker\u00fclt h\u00eddm\u00e9rleg seg\u00edts\u00e9g\u00e9vel biztos\u00edthatjuk a sz\u00e1ll\u00edt\u00f3eszk\u00f6z\u00f6k maxim\u00e1lis kihaszn\u00e1lts\u00e1g\u00e1t.<\/p>\n\n\n\n<p>A fejleszt\u00e9s k\u00f6lts\u00e9gvet\u00e9se re\u00e1lis \u00e9s takar\u00e9kos m\u00f3don ker\u00fclt \u00f6ssze\u00e1ll\u00edt\u00e1sra. A beszerzett eszk\u00f6z\u00f6k \u00e1ltal megval\u00f3sult fejleszt\u00e9s eredm\u00e9nyek\u00e9nt az \u00c9szakmagyar T\u00e9glaipari Kft. termel\u00e9kenys\u00e9ge nagym\u00e9rt\u00e9kben n\u0151tt, a technol\u00f3giai meg\u00fajul\u00e1s r\u00e9v\u00e9n versenyk\u00e9pess\u00e9ge jelent\u0151sen javult.<\/p>\n","protected":false},"excerpt":{"rendered":"<p>P\u00e1ly\u00e1zati le\u00edr\u00e1s: Projekt tartalm\u00e1nak r\u00e9szletes bemutat\u00e1sa: A ser\u00e9nyfalvai telephely\u00fcnk\u00f6n a Takeuchi MFG.CO.LTD forg\u00f3kotr\u00f3 megv\u00e1s\u00e1rl\u00e1s\u00e1val az agyag el\u0151k\u00e9sz\u00edt\u00e9s\u00e9n\u00e9l \u00e9s rakod\u00e1s\u00e1n\u00e1l, illetve a dep\u00f3 kialak\u00edt\u00e1s\u00e1ban tudunk hat\u00e9konyabbak lenni. K\u00f6lts\u00e9gmegtakar\u00edt\u00e1st tudunk el\u00e9rni, v\u00edzelvezet\u0151 \u00e1rok kialak\u00edt\u00e1sa \u00e9s tiszt\u00edt\u00e1sa \u00e9s a r\u00e9gi gy\u00e1runk bont\u00e1s\u00e1nak munk\u00e1lataihoz <a class=\"more-link\" href=\"http:\/\/eszakmagyartegla.hu\/en\/palyazatok\/\">Continue reading <span class=\"screen-reader-text\">  P\u00e1ly\u00e1zatok<\/span><span class=\"meta-nav\">&rarr;<\/span><\/a><\/p>\n","protected":false},"author":1,"featured_media":0,"parent":0,"menu_order":0,"comment_status":"closed","ping_status":"closed","template":"","meta":{"footnotes":""},"class_list":["post-940","page","type-page","status-publish","hentry"],"_links":{"self":[{"href":"http:\/\/eszakmagyartegla.hu\/en\/wp-json\/wp\/v2\/pages\/940","targetHints":{"allow":["GET"]}}],"collection":[{"href":"http:\/\/eszakmagyartegla.hu\/en\/wp-json\/wp\/v2\/pages"}],"about":[{"href":"http:\/\/eszakmagyartegla.hu\/en\/wp-json\/wp\/v2\/types\/page"}],"author":[{"embeddable":true,"href":"http:\/\/eszakmagyartegla.hu\/en\/wp-json\/wp\/v2\/users\/1"}],"replies":[{"embeddable":true,"href":"http:\/\/eszakmagyartegla.hu\/en\/wp-json\/wp\/v2\/comments?post=940"}],"version-history":[{"count":23,"href":"http:\/\/eszakmagyartegla.hu\/en\/wp-json\/wp\/v2\/pages\/940\/revisions"}],"predecessor-version":[{"id":1119,"href":"http:\/\/eszakmagyartegla.hu\/en\/wp-json\/wp\/v2\/pages\/940\/revisions\/1119"}],"wp:attachment":[{"href":"http:\/\/eszakmagyartegla.hu\/en\/wp-json\/wp\/v2\/media?parent=940"}],"curies":[{"name":"wp","href":"https:\/\/api.w.org\/{rel}","templated":true}]}}